{"id":14856,"date":"2018-01-06T16:39:43","date_gmt":"2018-01-06T15:39:43","guid":{"rendered":"https:\/\/thomasvino.ch\/wp-content\/uploads\/2018\/01\/site_trio_vinsch.jpg"},"modified":"2018-01-06T16:40:55","modified_gmt":"2018-01-06T15:40:55","slug":"site_trio_vinsch","status":"inherit","type":"attachment","link":"https:\/\/thomasvino.ch\/?attachment_id=14856","title":{"rendered":"site_trio_vinsch"},"author":3,"comment_status":"closed","ping_status":"closed","template":"","meta":{"_monsterinsights_skip_tracking":false,"_monsterinsights_sitenote_active":false,"_monsterinsights_sitenote_note":"","_monsterinsights_sitenote_category":0,"jetpack_post_was_ever_published":false},"yoast_head":"<!-- This site is optimized with the Yoast SEO plugin v20.6 - https:\/\/yoast.com\/wordpress\/plugins\/seo\/ -->\n<title>site_trio_vinsch - thomasvino<\/title>\n<meta name=\"robots\" content=\"index, follow, max-snippet:-1, max-image-preview:large, max-video-preview:-1\" \/>\n<link rel=\"canonical\" href=\"https:\/\/thomasvino.ch\/wp-content\/uploads\/2018\/01\/site_trio_vinsch.jpg\" \/>\n<meta property=\"og:locale\" content=\"fr_FR\" \/>\n<meta property=\"og:type\" content=\"article\" \/>\n<meta property=\"og:title\" content=\"site_trio_vinsch - thomasvino\" \/>\n<meta property=\"og:description\" content=\"Un trio de vins \u00e0 connotations suisses: \u00e0 g., une Carmen\u00e8re de von Siebenthal, au milieu, une Syrah d&#039;Amayna sign\u00e9e J.M. Novelle et \u00e0 droite une cuv\u00e9e d&#039;Aquitania.\" \/>\n<meta property=\"og:url\" content=\"https:\/\/thomasvino.ch\/wp-content\/uploads\/2018\/01\/site_trio_vinsch.jpg\" \/>\n<meta property=\"og:site_name\" content=\"thomasvino\" \/>\n<meta property=\"article:modified_time\" content=\"2018-01-06T15:40:55+00:00\" \/>\n<meta property=\"og:image\" content=\"https:\/\/i0.wp.com\/thomasvino.ch\/wp-content\/uploads\/2018\/01\/site_trio_vinsch.jpg?fit=2366%2C3022&ssl=1\" \/>\n\t<meta property=\"og:image:width\" content=\"2366\" \/>\n\t<meta property=\"og:image:height\" content=\"3022\" \/>\n\t<meta property=\"og:image:type\" content=\"image\/jpeg\" \/>\n<script type=\"application\/ld+json\" class=\"yoast-schema-graph\">{\"@context\":\"https:\/\/schema.org\",\"@graph\":[{\"@type\":\"WebPage\",\"@id\":\"https:\/\/thomasvino.ch\/wp-content\/uploads\/2018\/01\/site_trio_vinsch.jpg\",\"url\":\"https:\/\/thomasvino.ch\/wp-content\/uploads\/2018\/01\/site_trio_vinsch.jpg\",\"name\":\"site_trio_vinsch - thomasvino\",\"isPartOf\":{\"@id\":\"https:\/\/thomasvino.ch\/#website\"},\"datePublished\":\"2018-01-06T15:39:43+00:00\",\"dateModified\":\"2018-01-06T15:40:55+00:00\",\"breadcrumb\":{\"@id\":\"https:\/\/thomasvino.ch\/wp-content\/uploads\/2018\/01\/site_trio_vinsch.jpg#breadcrumb\"},\"inLanguage\":\"fr-FR\",\"potentialAction\":[{\"@type\":\"ReadAction\",\"target\":[\"https:\/\/thomasvino.ch\/wp-content\/uploads\/2018\/01\/site_trio_vinsch.jpg\"]}]},{\"@type\":\"BreadcrumbList\",\"@id\":\"https:\/\/thomasvino.ch\/wp-content\/uploads\/2018\/01\/site_trio_vinsch.jpg#breadcrumb\",\"itemListElement\":[{\"@type\":\"ListItem\",\"position\":1,\"name\":\"Accueil\",\"item\":\"https:\/\/thomasvino.ch\/\"},{\"@type\":\"ListItem\",\"position\":2,\"name\":\"Sur les traces des Suisses du vin au Chili\",\"item\":\"https:\/\/thomasvino.ch\/?p=14847\"},{\"@type\":\"ListItem\",\"position\":3,\"name\":\"site_trio_vinsch\"}]},{\"@type\":\"WebSite\",\"@id\":\"https:\/\/thomasvino.ch\/#website\",\"url\":\"https:\/\/thomasvino.ch\/\",\"name\":\"thomasvino\",\"description\":\"Vins &amp; Gastronomie\",\"potentialAction\":[{\"@type\":\"SearchAction\",\"target\":{\"@type\":\"EntryPoint\",\"urlTemplate\":\"https:\/\/thomasvino.ch\/?s={search_term_string}\"},\"query-input\":\"required name=search_term_string\"}],\"inLanguage\":\"fr-FR\"}]}<\/script>\n<!-- \/ Yoast SEO plugin. -->","yoast_head_json":{"title":"site_trio_vinsch - thomasvino","robots":{"index":"index","follow":"follow","max-snippet":"max-snippet:-1","max-image-preview":"max-image-preview:large","max-video-preview":"max-video-preview:-1"},"canonical":"https:\/\/thomasvino.ch\/wp-content\/uploads\/2018\/01\/site_trio_vinsch.jpg","og_locale":"fr_FR","og_type":"article","og_title":"site_trio_vinsch - thomasvino","og_description":"Un trio de vins \u00e0 connotations suisses: \u00e0 g., une Carmen\u00e8re de von Siebenthal, au milieu, une Syrah d'Amayna sign\u00e9e J.M. Novelle et \u00e0 droite une cuv\u00e9e d'Aquitania.","og_url":"https:\/\/thomasvino.ch\/wp-content\/uploads\/2018\/01\/site_trio_vinsch.jpg","og_site_name":"thomasvino","article_modified_time":"2018-01-06T15:40:55+00:00","og_image":[{"width":2366,"height":3022,"url":"https:\/\/i0.wp.com\/thomasvino.ch\/wp-content\/uploads\/2018\/01\/site_trio_vinsch.jpg?fit=2366%2C3022&ssl=1","type":"image\/jpeg"}],"schema":{"@context":"https:\/\/schema.org","@graph":[{"@type":"WebPage","@id":"https:\/\/thomasvino.ch\/wp-content\/uploads\/2018\/01\/site_trio_vinsch.jpg","url":"https:\/\/thomasvino.ch\/wp-content\/uploads\/2018\/01\/site_trio_vinsch.jpg","name":"site_trio_vinsch - thomasvino","isPartOf":{"@id":"https:\/\/thomasvino.ch\/#website"},"datePublished":"2018-01-06T15:39:43+00:00","dateModified":"2018-01-06T15:40:55+00:00","breadcrumb":{"@id":"https:\/\/thomasvino.ch\/wp-content\/uploads\/2018\/01\/site_trio_vinsch.jpg#breadcrumb"},"inLanguage":"fr-FR","potentialAction":[{"@type":"ReadAction","target":["https:\/\/thomasvino.ch\/wp-content\/uploads\/2018\/01\/site_trio_vinsch.jpg"]}]},{"@type":"BreadcrumbList","@id":"https:\/\/thomasvino.ch\/wp-content\/uploads\/2018\/01\/site_trio_vinsch.jpg#breadcrumb","itemListElement":[{"@type":"ListItem","position":1,"name":"Accueil","item":"https:\/\/thomasvino.ch\/"},{"@type":"ListItem","position":2,"name":"Sur les traces des Suisses du vin au Chili","item":"https:\/\/thomasvino.ch\/?p=14847"},{"@type":"ListItem","position":3,"name":"site_trio_vinsch"}]},{"@type":"WebSite","@id":"https:\/\/thomasvino.ch\/#website","url":"https:\/\/thomasvino.ch\/","name":"thomasvino","description":"Vins &amp; Gastronomie","potentialAction":[{"@type":"SearchAction","target":{"@type":"EntryPoint","urlTemplate":"https:\/\/thomasvino.ch\/?s={search_term_string}"},"query-input":"required name=search_term_string"}],"inLanguage":"fr-FR"}]}},"jetpack_sharing_enabled":true,"jetpack_shortlink":"https:\/\/wp.me\/a3m4tZ-3RC","jetpack_likes_enabled":false,"description":{"rendered":"<p class=\"attachment\"><a href='https:\/\/i0.wp.com\/thomasvino.ch\/wp-content\/uploads\/2018\/01\/site_trio_vinsch.jpg?ssl=1'><img width=\"235\" height=\"300\" src=\"https:\/\/i0.wp.com\/thomasvino.ch\/wp-content\/uploads\/2018\/01\/site_trio_vinsch.jpg?fit=235%2C300&amp;ssl=1\" class=\"attachment-medium size-medium\" alt=\"\" loading=\"lazy\" srcset=\"https:\/\/i0.wp.com\/thomasvino.ch\/wp-content\/uploads\/2018\/01\/site_trio_vinsch.jpg?w=2366&amp;ssl=1 2366w, https:\/\/i0.wp.com\/thomasvino.ch\/wp-content\/uploads\/2018\/01\/site_trio_vinsch.jpg?resize=235%2C300&amp;ssl=1 235w, https:\/\/i0.wp.com\/thomasvino.ch\/wp-content\/uploads\/2018\/01\/site_trio_vinsch.jpg?resize=768%2C981&amp;ssl=1 768w, https:\/\/i0.wp.com\/thomasvino.ch\/wp-content\/uploads\/2018\/01\/site_trio_vinsch.jpg?resize=802%2C1024&amp;ssl=1 802w, https:\/\/i0.wp.com\/thomasvino.ch\/wp-content\/uploads\/2018\/01\/site_trio_vinsch.jpg?w=2000&amp;ssl=1 2000w\" sizes=\"(max-width: 235px) 100vw, 235px\" data-attachment-id=\"14856\" data-permalink=\"https:\/\/thomasvino.ch\/?attachment_id=14856\" data-orig-file=\"https:\/\/i0.wp.com\/thomasvino.ch\/wp-content\/uploads\/2018\/01\/site_trio_vinsch.jpg?fit=2366%2C3022&amp;ssl=1\" data-orig-size=\"2366,3022\" data-comments-opened=\"0\" data-image-meta=\"{&quot;aperture&quot;:&quot;2.2&quot;,&quot;credit&quot;:&quot;&quot;,&quot;camera&quot;:&quot;iPhone 6&quot;,&quot;caption&quot;:&quot;&quot;,&quot;created_timestamp&quot;:&quot;1507039428&quot;,&quot;copyright&quot;:&quot;&quot;,&quot;focal_length&quot;:&quot;4.15&quot;,&quot;iso&quot;:&quot;320&quot;,&quot;shutter_speed&quot;:&quot;0.058823529411765&quot;,&quot;title&quot;:&quot;&quot;,&quot;orientation&quot;:&quot;1&quot;}\" data-image-title=\"site_trio_vinsch\" data-image-description=\"\" data-image-caption=\"&lt;p&gt;Un trio de vins \u00e0 connotations suisses: \u00e0 g., une Carmen\u00e8re de von Siebenthal, au milieu, une Syrah d&amp;rsquo;Amayna sign\u00e9e J.M. Novelle et \u00e0 droite une cuv\u00e9e d&amp;rsquo;Aquitania.&lt;\/p&gt;\n\" data-medium-file=\"https:\/\/i0.wp.com\/thomasvino.ch\/wp-content\/uploads\/2018\/01\/site_trio_vinsch.jpg?fit=235%2C300&amp;ssl=1\" data-large-file=\"https:\/\/i0.wp.com\/thomasvino.ch\/wp-content\/uploads\/2018\/01\/site_trio_vinsch.jpg?fit=802%2C1024&amp;ssl=1\" \/><\/a><\/p>\n"},"caption":{"rendered":"<p>Un trio de vins \u00e0 connotations suisses: \u00e0 g., une Carmen\u00e8re de von Siebenthal, au milieu, une Syrah d&rsquo;Amayna sign\u00e9e J.M. Novelle et \u00e0 droite une cuv\u00e9e d&rsquo;Aquitania.<\/p>\n"},"alt_text":"","media_type":"image","mime_type":"image\/jpeg","media_details":{"width":2366,"height":3022,"file":"2018\/01\/site_trio_vinsch.jpg","sizes":{"thumbnail":{"file":"site_trio_vinsch-150x150.jpg","width":150,"height":150,"mime_type":"image\/jpeg","source_url":"https:\/\/i0.wp.com\/thomasvino.ch\/wp-content\/uploads\/2018\/01\/site_trio_vinsch.jpg?resize=150%2C150&ssl=1"},"medium":{"file":"site_trio_vinsch-235x300.jpg","width":235,"height":300,"mime_type":"image\/jpeg","source_url":"https:\/\/i0.wp.com\/thomasvino.ch\/wp-content\/uploads\/2018\/01\/site_trio_vinsch.jpg?fit=235%2C300&ssl=1"},"medium_large":{"file":"site_trio_vinsch-768x981.jpg","width":768,"height":981,"mime_type":"image\/jpeg","source_url":"https:\/\/i0.wp.com\/thomasvino.ch\/wp-content\/uploads\/2018\/01\/site_trio_vinsch.jpg?fit=768%2C981&ssl=1"},"large":{"file":"site_trio_vinsch-802x1024.jpg","width":802,"height":1024,"mime_type":"image\/jpeg","source_url":"https:\/\/i0.wp.com\/thomasvino.ch\/wp-content\/uploads\/2018\/01\/site_trio_vinsch.jpg?fit=802%2C1024&ssl=1"},"et-blog-thumb":{"file":"site_trio_vinsch-630x210.jpg","width":630,"height":210,"mime_type":"image\/jpeg","source_url":"https:\/\/i0.wp.com\/thomasvino.ch\/wp-content\/uploads\/2018\/01\/site_trio_vinsch.jpg?resize=630%2C210&ssl=1"},"et-featured-thumb":{"file":"site_trio_vinsch-960x360.jpg","width":960,"height":360,"mime_type":"image\/jpeg","source_url":"https:\/\/i0.wp.com\/thomasvino.ch\/wp-content\/uploads\/2018\/01\/site_trio_vinsch.jpg?resize=960%2C360&ssl=1"},"et-widget-fromblog-thumb":{"file":"site_trio_vinsch-37x37.jpg","width":37,"height":37,"mime_type":"image\/jpeg","source_url":"https:\/\/i0.wp.com\/thomasvino.ch\/wp-content\/uploads\/2018\/01\/site_trio_vinsch.jpg?resize=37%2C37&ssl=1"},"et-video-slider-thumb":{"file":"site_trio_vinsch-136x77.jpg","width":136,"height":77,"mime_type":"image\/jpeg","source_url":"https:\/\/i0.wp.com\/thomasvino.ch\/wp-content\/uploads\/2018\/01\/site_trio_vinsch.jpg?resize=136%2C77&ssl=1"},"et-home-image-thumb":{"file":"site_trio_vinsch-128x128.jpg","width":128,"height":128,"mime_type":"image\/jpeg","source_url":"https:\/\/i0.wp.com\/thomasvino.ch\/wp-content\/uploads\/2018\/01\/site_trio_vinsch.jpg?resize=128%2C128&ssl=1"},"et-blog-page-thumb":{"file":"site_trio_vinsch-184x184.jpg","width":184,"height":184,"mime_type":"image\/jpeg","source_url":"https:\/\/i0.wp.com\/thomasvino.ch\/wp-content\/uploads\/2018\/01\/site_trio_vinsch.jpg?resize=184%2C184&ssl=1"},"et-gallery-page-thumb":{"file":"site_trio_vinsch-207x136.jpg","width":207,"height":136,"mime_type":"image\/jpeg","source_url":"https:\/\/i0.wp.com\/thomasvino.ch\/wp-content\/uploads\/2018\/01\/site_trio_vinsch.jpg?resize=207%2C136&ssl=1"},"et-portfolio-medium-page-thumb":{"file":"site_trio_vinsch-260x170.jpg","width":260,"height":170,"mime_type":"image\/jpeg","source_url":"https:\/\/i0.wp.com\/thomasvino.ch\/wp-content\/uploads\/2018\/01\/site_trio_vinsch.jpg?resize=260%2C170&ssl=1"},"et-portfolio-medium-portrait-page-thumb":{"file":"site_trio_vinsch-260x315.jpg","width":260,"height":315,"mime_type":"image\/jpeg","source_url":"https:\/\/i0.wp.com\/thomasvino.ch\/wp-content\/uploads\/2018\/01\/site_trio_vinsch.jpg?resize=260%2C315&ssl=1"},"et-portfolio-small-page-thumb":{"file":"site_trio_vinsch-140x94.jpg","width":140,"height":94,"mime_type":"image\/jpeg","source_url":"https:\/\/i0.wp.com\/thomasvino.ch\/wp-content\/uploads\/2018\/01\/site_trio_vinsch.jpg?resize=140%2C94&ssl=1"},"et-portfolio-small-portrait-page-thumb":{"file":"site_trio_vinsch-140x170.jpg","width":140,"height":170,"mime_type":"image\/jpeg","source_url":"https:\/\/i0.wp.com\/thomasvino.ch\/wp-content\/uploads\/2018\/01\/site_trio_vinsch.jpg?resize=140%2C170&ssl=1"},"et-portfolio-large-page-thumb":{"file":"site_trio_vinsch-430x283.jpg","width":430,"height":283,"mime_type":"image\/jpeg","source_url":"https:\/\/i0.wp.com\/thomasvino.ch\/wp-content\/uploads\/2018\/01\/site_trio_vinsch.jpg?resize=430%2C283&ssl=1"},"et-portfolio-large-portrait-page-thumb":{"file":"site_trio_vinsch-430x860.jpg","width":430,"height":860,"mime_type":"image\/jpeg","source_url":"https:\/\/i0.wp.com\/thomasvino.ch\/wp-content\/uploads\/2018\/01\/site_trio_vinsch.jpg?resize=430%2C860&ssl=1"},"full":{"file":"site_trio_vinsch.jpg?fit=2366%2C3022&ssl=1","width":2366,"height":3022,"mime_type":"image\/jpeg","source_url":"https:\/\/i0.wp.com\/thomasvino.ch\/wp-content\/uploads\/2018\/01\/site_trio_vinsch.jpg?fit=2366%2C3022&ssl=1"}},"image_meta":{"aperture":"2.2","credit":"","camera":"iPhone 6","caption":"","created_timestamp":"1507039428","copyright":"","focal_length":"4.15","iso":"320","shutter_speed":"0.058823529411765","title":"","orientation":"1","keywords":[]}},"post":14847,"source_url":"https:\/\/thomasvino.ch\/wp-content\/uploads\/2018\/01\/site_trio_vinsch.jpg","_links":{"self":[{"href":"https:\/\/thomasvino.ch\/index.php?rest_route=\/wp\/v2\/media\/14856"}],"collection":[{"href":"https:\/\/thomasvino.ch\/index.php?rest_route=\/wp\/v2\/media"}],"about":[{"href":"https:\/\/thomasvino.ch\/index.php?rest_route=\/wp\/v2\/types\/attachment"}],"author":[{"embeddable":true,"href":"https:\/\/thomasvino.ch\/index.php?rest_route=\/wp\/v2\/users\/3"}],"replies":[{"embeddable":true,"href":"https:\/\/thomasvino.ch\/index.php?rest_route=%2Fwp%2Fv2%2Fcomments&post=14856"}]}}