{"id":15051,"date":"2018-04-13T15:19:30","date_gmt":"2018-04-13T14:19:30","guid":{"rendered":"https:\/\/thomasvino.ch\/wp-content\/uploads\/2018\/04\/cayas_jrg_besse.jpg"},"modified":"2018-04-13T15:19:30","modified_gmt":"2018-04-13T14:19:30","slug":"cayas_jrg_besse","status":"inherit","type":"attachment","link":"https:\/\/thomasvino.ch\/?attachment_id=15051","title":{"rendered":"cayas_jrg_besse"},"author":3,"comment_status":"closed","ping_status":"closed","template":"","meta":{"_monsterinsights_skip_tracking":false,"_monsterinsights_sitenote_active":false,"_monsterinsights_sitenote_note":"","_monsterinsights_sitenote_category":0,"jetpack_post_was_ever_published":false},"yoast_head":"<!-- This site is optimized with the Yoast SEO plugin v20.6 - https:\/\/yoast.com\/wordpress\/plugins\/seo\/ -->\n<title>cayas_jrg_besse - thomasvino<\/title>\n<meta name=\"robots\" content=\"index, follow, max-snippet:-1, max-image-preview:large, max-video-preview:-1\" \/>\n<link rel=\"canonical\" href=\"https:\/\/thomasvino.ch\/wp-content\/uploads\/2018\/04\/cayas_jrg_besse.jpg\" \/>\n<meta property=\"og:locale\" content=\"fr_FR\" \/>\n<meta property=\"og:type\" content=\"article\" \/>\n<meta property=\"og:title\" content=\"cayas_jrg_besse - thomasvino\" \/>\n<meta property=\"og:description\" content=\"V\u00e9troz, le 22 Novembre 2016,D\u00e9gustation verticale sur 20 ans de la syrah Cayas 1995- 2014 Gilles Besse et Jean Ren\u00e9 Germanier \u00a9 sedrik nemeth\" \/>\n<meta property=\"og:url\" content=\"https:\/\/thomasvino.ch\/wp-content\/uploads\/2018\/04\/cayas_jrg_besse.jpg\" \/>\n<meta property=\"og:site_name\" content=\"thomasvino\" \/>\n<meta property=\"og:image\" content=\"https:\/\/i0.wp.com\/thomasvino.ch\/wp-content\/uploads\/2018\/04\/cayas_jrg_besse.jpg?fit=1200%2C799&ssl=1\" \/>\n\t<meta property=\"og:image:width\" content=\"1200\" \/>\n\t<meta property=\"og:image:height\" content=\"799\" \/>\n\t<meta property=\"og:image:type\" content=\"image\/jpeg\" \/>\n<script type=\"application\/ld+json\" class=\"yoast-schema-graph\">{\"@context\":\"https:\/\/schema.org\",\"@graph\":[{\"@type\":\"WebPage\",\"@id\":\"https:\/\/thomasvino.ch\/wp-content\/uploads\/2018\/04\/cayas_jrg_besse.jpg\",\"url\":\"https:\/\/thomasvino.ch\/wp-content\/uploads\/2018\/04\/cayas_jrg_besse.jpg\",\"name\":\"cayas_jrg_besse - thomasvino\",\"isPartOf\":{\"@id\":\"https:\/\/thomasvino.ch\/#website\"},\"datePublished\":\"2018-04-13T14:19:30+00:00\",\"dateModified\":\"2018-04-13T14:19:30+00:00\",\"breadcrumb\":{\"@id\":\"https:\/\/thomasvino.ch\/wp-content\/uploads\/2018\/04\/cayas_jrg_besse.jpg#breadcrumb\"},\"inLanguage\":\"fr-FR\",\"potentialAction\":[{\"@type\":\"ReadAction\",\"target\":[\"https:\/\/thomasvino.ch\/wp-content\/uploads\/2018\/04\/cayas_jrg_besse.jpg\"]}]},{\"@type\":\"BreadcrumbList\",\"@id\":\"https:\/\/thomasvino.ch\/wp-content\/uploads\/2018\/04\/cayas_jrg_besse.jpg#breadcrumb\",\"itemListElement\":[{\"@type\":\"ListItem\",\"position\":1,\"name\":\"Accueil\",\"item\":\"https:\/\/thomasvino.ch\/\"},{\"@type\":\"ListItem\",\"position\":2,\"name\":\"La saga de la syrah Cayas\",\"item\":\"https:\/\/thomasvino.ch\/?p=15050\"},{\"@type\":\"ListItem\",\"position\":3,\"name\":\"cayas_jrg_besse\"}]},{\"@type\":\"WebSite\",\"@id\":\"https:\/\/thomasvino.ch\/#website\",\"url\":\"https:\/\/thomasvino.ch\/\",\"name\":\"thomasvino\",\"description\":\"Vins &amp; Gastronomie\",\"potentialAction\":[{\"@type\":\"SearchAction\",\"target\":{\"@type\":\"EntryPoint\",\"urlTemplate\":\"https:\/\/thomasvino.ch\/?s={search_term_string}\"},\"query-input\":\"required name=search_term_string\"}],\"inLanguage\":\"fr-FR\"}]}<\/script>\n<!-- \/ Yoast SEO plugin. -->","yoast_head_json":{"title":"cayas_jrg_besse - thomasvino","robots":{"index":"index","follow":"follow","max-snippet":"max-snippet:-1","max-image-preview":"max-image-preview:large","max-video-preview":"max-video-preview:-1"},"canonical":"https:\/\/thomasvino.ch\/wp-content\/uploads\/2018\/04\/cayas_jrg_besse.jpg","og_locale":"fr_FR","og_type":"article","og_title":"cayas_jrg_besse - thomasvino","og_description":"V\u00e9troz, le 22 Novembre 2016,D\u00e9gustation verticale sur 20 ans de la syrah Cayas 1995- 2014 Gilles Besse et Jean Ren\u00e9 Germanier \u00a9 sedrik nemeth","og_url":"https:\/\/thomasvino.ch\/wp-content\/uploads\/2018\/04\/cayas_jrg_besse.jpg","og_site_name":"thomasvino","og_image":[{"width":1200,"height":799,"url":"https:\/\/i0.wp.com\/thomasvino.ch\/wp-content\/uploads\/2018\/04\/cayas_jrg_besse.jpg?fit=1200%2C799&ssl=1","type":"image\/jpeg"}],"schema":{"@context":"https:\/\/schema.org","@graph":[{"@type":"WebPage","@id":"https:\/\/thomasvino.ch\/wp-content\/uploads\/2018\/04\/cayas_jrg_besse.jpg","url":"https:\/\/thomasvino.ch\/wp-content\/uploads\/2018\/04\/cayas_jrg_besse.jpg","name":"cayas_jrg_besse - thomasvino","isPartOf":{"@id":"https:\/\/thomasvino.ch\/#website"},"datePublished":"2018-04-13T14:19:30+00:00","dateModified":"2018-04-13T14:19:30+00:00","breadcrumb":{"@id":"https:\/\/thomasvino.ch\/wp-content\/uploads\/2018\/04\/cayas_jrg_besse.jpg#breadcrumb"},"inLanguage":"fr-FR","potentialAction":[{"@type":"ReadAction","target":["https:\/\/thomasvino.ch\/wp-content\/uploads\/2018\/04\/cayas_jrg_besse.jpg"]}]},{"@type":"BreadcrumbList","@id":"https:\/\/thomasvino.ch\/wp-content\/uploads\/2018\/04\/cayas_jrg_besse.jpg#breadcrumb","itemListElement":[{"@type":"ListItem","position":1,"name":"Accueil","item":"https:\/\/thomasvino.ch\/"},{"@type":"ListItem","position":2,"name":"La saga de la syrah Cayas","item":"https:\/\/thomasvino.ch\/?p=15050"},{"@type":"ListItem","position":3,"name":"cayas_jrg_besse"}]},{"@type":"WebSite","@id":"https:\/\/thomasvino.ch\/#website","url":"https:\/\/thomasvino.ch\/","name":"thomasvino","description":"Vins &amp; Gastronomie","potentialAction":[{"@type":"SearchAction","target":{"@type":"EntryPoint","urlTemplate":"https:\/\/thomasvino.ch\/?s={search_term_string}"},"query-input":"required name=search_term_string"}],"inLanguage":"fr-FR"}]}},"jetpack_sharing_enabled":true,"jetpack_shortlink":"https:\/\/wp.me\/a3m4tZ-3UL","jetpack_likes_enabled":false,"description":{"rendered":"<p class=\"attachment\"><a href='https:\/\/i0.wp.com\/thomasvino.ch\/wp-content\/uploads\/2018\/04\/cayas_jrg_besse.jpg?ssl=1'><img width=\"300\" height=\"200\" src=\"https:\/\/i0.wp.com\/thomasvino.ch\/wp-content\/uploads\/2018\/04\/cayas_jrg_besse.jpg?fit=300%2C200&amp;ssl=1\" class=\"attachment-medium size-medium\" alt=\"\" loading=\"lazy\" srcset=\"https:\/\/i0.wp.com\/thomasvino.ch\/wp-content\/uploads\/2018\/04\/cayas_jrg_besse.jpg?w=1200&amp;ssl=1 1200w, https:\/\/i0.wp.com\/thomasvino.ch\/wp-content\/uploads\/2018\/04\/cayas_jrg_besse.jpg?resize=300%2C200&amp;ssl=1 300w, https:\/\/i0.wp.com\/thomasvino.ch\/wp-content\/uploads\/2018\/04\/cayas_jrg_besse.jpg?resize=768%2C511&amp;ssl=1 768w, https:\/\/i0.wp.com\/thomasvino.ch\/wp-content\/uploads\/2018\/04\/cayas_jrg_besse.jpg?resize=1024%2C682&amp;ssl=1 1024w, https:\/\/i0.wp.com\/thomasvino.ch\/wp-content\/uploads\/2018\/04\/cayas_jrg_besse.jpg?resize=140%2C94&amp;ssl=1 140w\" sizes=\"(max-width: 300px) 100vw, 300px\" data-attachment-id=\"15051\" data-permalink=\"https:\/\/thomasvino.ch\/?attachment_id=15051\" data-orig-file=\"https:\/\/i0.wp.com\/thomasvino.ch\/wp-content\/uploads\/2018\/04\/cayas_jrg_besse.jpg?fit=1200%2C799&amp;ssl=1\" data-orig-size=\"1200,799\" data-comments-opened=\"0\" data-image-meta=\"{&quot;aperture&quot;:&quot;1.8&quot;,&quot;credit&quot;:&quot;sedrik nemeth&quot;,&quot;camera&quot;:&quot;NIKON D4&quot;,&quot;caption&quot;:&quot;V\\u00e9troz, le 22 Novembre 2016,D\\u00e9gustation verticale sur 20 ans de la syrah  Cayas 1995- 2014  Gilles Besse et Jean Ren\\u00e9 Germanier \\u00a9 sedrik nemeth&quot;,&quot;created_timestamp&quot;:&quot;1479831457&quot;,&quot;copyright&quot;:&quot;sedrik nemeth&quot;,&quot;focal_length&quot;:&quot;50&quot;,&quot;iso&quot;:&quot;50&quot;,&quot;shutter_speed&quot;:&quot;0.0125&quot;,&quot;title&quot;:&quot;&quot;,&quot;orientation&quot;:&quot;1&quot;}\" data-image-title=\"cayas_jrg_besse\" data-image-description=\"\" data-image-caption=\"&lt;p&gt;V\u00e9troz, le 22 Novembre 2016,D\u00e9gustation verticale sur 20 ans de la syrah  Cayas 1995- 2014  Gilles Besse et Jean Ren\u00e9 Germanier \u00a9 sedrik nemeth&lt;\/p&gt;\n\" data-medium-file=\"https:\/\/i0.wp.com\/thomasvino.ch\/wp-content\/uploads\/2018\/04\/cayas_jrg_besse.jpg?fit=300%2C200&amp;ssl=1\" data-large-file=\"https:\/\/i0.wp.com\/thomasvino.ch\/wp-content\/uploads\/2018\/04\/cayas_jrg_besse.jpg?fit=1024%2C682&amp;ssl=1\" \/><\/a><\/p>\n"},"caption":{"rendered":"<p>V\u00e9troz, le 22 Novembre 2016,D\u00e9gustation verticale sur 20 ans de la syrah  Cayas 1995- 2014  Gilles Besse et Jean Ren\u00e9 Germanier \u00a9 sedrik nemeth<\/p>\n"},"alt_text":"","media_type":"image","mime_type":"image\/jpeg","media_details":{"width":1200,"height":799,"file":"2018\/04\/cayas_jrg_besse.jpg","sizes":{"thumbnail":{"file":"cayas_jrg_besse-150x150.jpg","width":150,"height":150,"mime_type":"image\/jpeg","source_url":"https:\/\/i0.wp.com\/thomasvino.ch\/wp-content\/uploads\/2018\/04\/cayas_jrg_besse.jpg?resize=150%2C150&ssl=1"},"medium":{"file":"cayas_jrg_besse-300x200.jpg","width":300,"height":200,"mime_type":"image\/jpeg","source_url":"https:\/\/i0.wp.com\/thomasvino.ch\/wp-content\/uploads\/2018\/04\/cayas_jrg_besse.jpg?fit=300%2C200&ssl=1"},"medium_large":{"file":"cayas_jrg_besse-768x511.jpg","width":768,"height":511,"mime_type":"image\/jpeg","source_url":"https:\/\/i0.wp.com\/thomasvino.ch\/wp-content\/uploads\/2018\/04\/cayas_jrg_besse.jpg?fit=768%2C511&ssl=1"},"large":{"file":"cayas_jrg_besse-1024x682.jpg","width":1024,"height":682,"mime_type":"image\/jpeg","source_url":"https:\/\/i0.wp.com\/thomasvino.ch\/wp-content\/uploads\/2018\/04\/cayas_jrg_besse.jpg?fit=1024%2C682&ssl=1"},"et-blog-thumb":{"file":"cayas_jrg_besse-630x210.jpg","width":630,"height":210,"mime_type":"image\/jpeg","source_url":"https:\/\/i0.wp.com\/thomasvino.ch\/wp-content\/uploads\/2018\/04\/cayas_jrg_besse.jpg?resize=630%2C210&ssl=1"},"et-featured-thumb":{"file":"cayas_jrg_besse-960x360.jpg","width":960,"height":360,"mime_type":"image\/jpeg","source_url":"https:\/\/i0.wp.com\/thomasvino.ch\/wp-content\/uploads\/2018\/04\/cayas_jrg_besse.jpg?resize=960%2C360&ssl=1"},"et-widget-fromblog-thumb":{"file":"cayas_jrg_besse-37x37.jpg","width":37,"height":37,"mime_type":"image\/jpeg","source_url":"https:\/\/i0.wp.com\/thomasvino.ch\/wp-content\/uploads\/2018\/04\/cayas_jrg_besse.jpg?resize=37%2C37&ssl=1"},"et-video-slider-thumb":{"file":"cayas_jrg_besse-136x77.jpg","width":136,"height":77,"mime_type":"image\/jpeg","source_url":"https:\/\/i0.wp.com\/thomasvino.ch\/wp-content\/uploads\/2018\/04\/cayas_jrg_besse.jpg?resize=136%2C77&ssl=1"},"et-home-image-thumb":{"file":"cayas_jrg_besse-128x128.jpg","width":128,"height":128,"mime_type":"image\/jpeg","source_url":"https:\/\/i0.wp.com\/thomasvino.ch\/wp-content\/uploads\/2018\/04\/cayas_jrg_besse.jpg?resize=128%2C128&ssl=1"},"et-blog-page-thumb":{"file":"cayas_jrg_besse-184x184.jpg","width":184,"height":184,"mime_type":"image\/jpeg","source_url":"https:\/\/i0.wp.com\/thomasvino.ch\/wp-content\/uploads\/2018\/04\/cayas_jrg_besse.jpg?resize=184%2C184&ssl=1"},"et-gallery-page-thumb":{"file":"cayas_jrg_besse-207x136.jpg","width":207,"height":136,"mime_type":"image\/jpeg","source_url":"https:\/\/i0.wp.com\/thomasvino.ch\/wp-content\/uploads\/2018\/04\/cayas_jrg_besse.jpg?resize=207%2C136&ssl=1"},"et-portfolio-medium-page-thumb":{"file":"cayas_jrg_besse-260x170.jpg","width":260,"height":170,"mime_type":"image\/jpeg","source_url":"https:\/\/i0.wp.com\/thomasvino.ch\/wp-content\/uploads\/2018\/04\/cayas_jrg_besse.jpg?resize=260%2C170&ssl=1"},"et-portfolio-medium-portrait-page-thumb":{"file":"cayas_jrg_besse-260x315.jpg","width":260,"height":315,"mime_type":"image\/jpeg","source_url":"https:\/\/i0.wp.com\/thomasvino.ch\/wp-content\/uploads\/2018\/04\/cayas_jrg_besse.jpg?resize=260%2C315&ssl=1"},"et-portfolio-small-page-thumb":{"file":"cayas_jrg_besse-140x94.jpg","width":140,"height":94,"mime_type":"image\/jpeg","source_url":"https:\/\/i0.wp.com\/thomasvino.ch\/wp-content\/uploads\/2018\/04\/cayas_jrg_besse.jpg?resize=140%2C94&ssl=1"},"et-portfolio-small-portrait-page-thumb":{"file":"cayas_jrg_besse-140x170.jpg","width":140,"height":170,"mime_type":"image\/jpeg","source_url":"https:\/\/i0.wp.com\/thomasvino.ch\/wp-content\/uploads\/2018\/04\/cayas_jrg_besse.jpg?resize=140%2C170&ssl=1"},"et-portfolio-large-page-thumb":{"file":"cayas_jrg_besse-430x283.jpg","width":430,"height":283,"mime_type":"image\/jpeg","source_url":"https:\/\/i0.wp.com\/thomasvino.ch\/wp-content\/uploads\/2018\/04\/cayas_jrg_besse.jpg?resize=430%2C283&ssl=1"},"et-portfolio-large-portrait-page-thumb":{"file":"cayas_jrg_besse-430x799.jpg","width":430,"height":799,"mime_type":"image\/jpeg","source_url":"https:\/\/i0.wp.com\/thomasvino.ch\/wp-content\/uploads\/2018\/04\/cayas_jrg_besse.jpg?resize=430%2C799&ssl=1"},"full":{"file":"cayas_jrg_besse.jpg?fit=1200%2C799&ssl=1","width":1200,"height":799,"mime_type":"image\/jpeg","source_url":"https:\/\/i0.wp.com\/thomasvino.ch\/wp-content\/uploads\/2018\/04\/cayas_jrg_besse.jpg?fit=1200%2C799&ssl=1"}},"image_meta":{"aperture":"1.8","credit":"sedrik nemeth","camera":"NIKON D4","caption":"V\u00e9troz, le 22 Novembre 2016,D\u00e9gustation verticale sur 20 ans de la syrah  Cayas 1995- 2014  Gilles Besse et Jean Ren\u00e9 Germanier \u00a9 sedrik nemeth","created_timestamp":"1479831457","copyright":"sedrik nemeth","focal_length":"50","iso":"50","shutter_speed":"0.0125","title":"","orientation":"1","keywords":["Suisse","Valais","Cayas"]}},"post":15050,"source_url":"https:\/\/thomasvino.ch\/wp-content\/uploads\/2018\/04\/cayas_jrg_besse.jpg","_links":{"self":[{"href":"https:\/\/thomasvino.ch\/index.php?rest_route=\/wp\/v2\/media\/15051"}],"collection":[{"href":"https:\/\/thomasvino.ch\/index.php?rest_route=\/wp\/v2\/media"}],"about":[{"href":"https:\/\/thomasvino.ch\/index.php?rest_route=\/wp\/v2\/types\/attachment"}],"author":[{"embeddable":true,"href":"https:\/\/thomasvino.ch\/index.php?rest_route=\/wp\/v2\/users\/3"}],"replies":[{"embeddable":true,"href":"https:\/\/thomasvino.ch\/index.php?rest_route=%2Fwp%2Fv2%2Fcomments&post=15051"}]}}