{"id":15175,"date":"2018-06-19T16:56:55","date_gmt":"2018-06-19T15:56:55","guid":{"rendered":"https:\/\/thomasvino.ch\/wp-content\/uploads\/2018\/06\/CaveDeLaCote_Enseigne.jpg"},"modified":"2018-06-19T16:57:47","modified_gmt":"2018-06-19T15:57:47","slug":"cavedelacote_enseigne","status":"inherit","type":"attachment","link":"https:\/\/thomasvino.ch\/?attachment_id=15175","title":{"rendered":"CaveDeLaCote_Enseigne"},"author":3,"comment_status":"closed","ping_status":"closed","template":"","meta":{"_monsterinsights_skip_tracking":false,"_monsterinsights_sitenote_active":false,"_monsterinsights_sitenote_note":"","_monsterinsights_sitenote_category":0,"jetpack_post_was_ever_published":false},"yoast_head":"<!-- This site is optimized with the Yoast SEO plugin v20.6 - https:\/\/yoast.com\/wordpress\/plugins\/seo\/ -->\n<title>CaveDeLaCote_Enseigne - thomasvino<\/title>\n<meta name=\"robots\" content=\"index, follow, max-snippet:-1, max-image-preview:large, max-video-preview:-1\" \/>\n<link rel=\"canonical\" href=\"https:\/\/thomasvino.ch\/wp-content\/uploads\/2018\/06\/CaveDeLaCote_Enseigne.jpg\" \/>\n<meta property=\"og:locale\" content=\"fr_FR\" \/>\n<meta property=\"og:type\" content=\"article\" \/>\n<meta property=\"og:title\" content=\"CaveDeLaCote_Enseigne - thomasvino\" \/>\n<meta property=\"og:description\" content=\"De g. \u00e0 dr., le directeur Julien Hoefliger, le pr\u00e9sident Pierre Duruz et l&#039;\u0153nologue Rodrigo Banto.\" \/>\n<meta property=\"og:url\" content=\"https:\/\/thomasvino.ch\/wp-content\/uploads\/2018\/06\/CaveDeLaCote_Enseigne.jpg\" \/>\n<meta property=\"og:site_name\" content=\"thomasvino\" \/>\n<meta property=\"article:modified_time\" content=\"2018-06-19T15:57:47+00:00\" \/>\n<meta property=\"og:image\" content=\"https:\/\/thomasvino.ch\/wp-content\/uploads\/2018\/06\/CaveDeLaCote_Enseigne-768x1024.jpg\" \/>\n\t<meta property=\"og:image:width\" content=\"768\" \/>\n\t<meta property=\"og:image:height\" content=\"1024\" \/>\n\t<meta property=\"og:image:type\" content=\"image\/jpeg\" \/>\n<script type=\"application\/ld+json\" class=\"yoast-schema-graph\">{\"@context\":\"https:\/\/schema.org\",\"@graph\":[{\"@type\":\"WebPage\",\"@id\":\"https:\/\/thomasvino.ch\/wp-content\/uploads\/2018\/06\/CaveDeLaCote_Enseigne.jpg\",\"url\":\"https:\/\/thomasvino.ch\/wp-content\/uploads\/2018\/06\/CaveDeLaCote_Enseigne.jpg\",\"name\":\"CaveDeLaCote_Enseigne - thomasvino\",\"isPartOf\":{\"@id\":\"https:\/\/thomasvino.ch\/#website\"},\"datePublished\":\"2018-06-19T15:56:55+00:00\",\"dateModified\":\"2018-06-19T15:57:47+00:00\",\"breadcrumb\":{\"@id\":\"https:\/\/thomasvino.ch\/wp-content\/uploads\/2018\/06\/CaveDeLaCote_Enseigne.jpg#breadcrumb\"},\"inLanguage\":\"fr-FR\",\"potentialAction\":[{\"@type\":\"ReadAction\",\"target\":[\"https:\/\/thomasvino.ch\/wp-content\/uploads\/2018\/06\/CaveDeLaCote_Enseigne.jpg\"]}]},{\"@type\":\"BreadcrumbList\",\"@id\":\"https:\/\/thomasvino.ch\/wp-content\/uploads\/2018\/06\/CaveDeLaCote_Enseigne.jpg#breadcrumb\",\"itemListElement\":[{\"@type\":\"ListItem\",\"position\":1,\"name\":\"Accueil\",\"item\":\"https:\/\/thomasvino.ch\/\"},{\"@type\":\"ListItem\",\"position\":2,\"name\":\"La Cave de La C\u00f4te \u00e0 Tolochenaz \u2014 L\u2019avenir en rouge et en\u2026couleurs\",\"item\":\"https:\/\/thomasvino.ch\/?p=15173\"},{\"@type\":\"ListItem\",\"position\":3,\"name\":\"CaveDeLaCote_Enseigne\"}]},{\"@type\":\"WebSite\",\"@id\":\"https:\/\/thomasvino.ch\/#website\",\"url\":\"https:\/\/thomasvino.ch\/\",\"name\":\"thomasvino\",\"description\":\"Vins &amp; Gastronomie\",\"potentialAction\":[{\"@type\":\"SearchAction\",\"target\":{\"@type\":\"EntryPoint\",\"urlTemplate\":\"https:\/\/thomasvino.ch\/?s={search_term_string}\"},\"query-input\":\"required name=search_term_string\"}],\"inLanguage\":\"fr-FR\"}]}<\/script>\n<!-- \/ Yoast SEO plugin. -->","yoast_head_json":{"title":"CaveDeLaCote_Enseigne - thomasvino","robots":{"index":"index","follow":"follow","max-snippet":"max-snippet:-1","max-image-preview":"max-image-preview:large","max-video-preview":"max-video-preview:-1"},"canonical":"https:\/\/thomasvino.ch\/wp-content\/uploads\/2018\/06\/CaveDeLaCote_Enseigne.jpg","og_locale":"fr_FR","og_type":"article","og_title":"CaveDeLaCote_Enseigne - thomasvino","og_description":"De g. \u00e0 dr., le directeur Julien Hoefliger, le pr\u00e9sident Pierre Duruz et l'\u0153nologue Rodrigo Banto.","og_url":"https:\/\/thomasvino.ch\/wp-content\/uploads\/2018\/06\/CaveDeLaCote_Enseigne.jpg","og_site_name":"thomasvino","article_modified_time":"2018-06-19T15:57:47+00:00","og_image":[{"width":768,"height":1024,"url":"https:\/\/thomasvino.ch\/wp-content\/uploads\/2018\/06\/CaveDeLaCote_Enseigne-768x1024.jpg","type":"image\/jpeg"}],"schema":{"@context":"https:\/\/schema.org","@graph":[{"@type":"WebPage","@id":"https:\/\/thomasvino.ch\/wp-content\/uploads\/2018\/06\/CaveDeLaCote_Enseigne.jpg","url":"https:\/\/thomasvino.ch\/wp-content\/uploads\/2018\/06\/CaveDeLaCote_Enseigne.jpg","name":"CaveDeLaCote_Enseigne - thomasvino","isPartOf":{"@id":"https:\/\/thomasvino.ch\/#website"},"datePublished":"2018-06-19T15:56:55+00:00","dateModified":"2018-06-19T15:57:47+00:00","breadcrumb":{"@id":"https:\/\/thomasvino.ch\/wp-content\/uploads\/2018\/06\/CaveDeLaCote_Enseigne.jpg#breadcrumb"},"inLanguage":"fr-FR","potentialAction":[{"@type":"ReadAction","target":["https:\/\/thomasvino.ch\/wp-content\/uploads\/2018\/06\/CaveDeLaCote_Enseigne.jpg"]}]},{"@type":"BreadcrumbList","@id":"https:\/\/thomasvino.ch\/wp-content\/uploads\/2018\/06\/CaveDeLaCote_Enseigne.jpg#breadcrumb","itemListElement":[{"@type":"ListItem","position":1,"name":"Accueil","item":"https:\/\/thomasvino.ch\/"},{"@type":"ListItem","position":2,"name":"La Cave de La C\u00f4te \u00e0 Tolochenaz \u2014 L\u2019avenir en rouge et en\u2026couleurs","item":"https:\/\/thomasvino.ch\/?p=15173"},{"@type":"ListItem","position":3,"name":"CaveDeLaCote_Enseigne"}]},{"@type":"WebSite","@id":"https:\/\/thomasvino.ch\/#website","url":"https:\/\/thomasvino.ch\/","name":"thomasvino","description":"Vins &amp; Gastronomie","potentialAction":[{"@type":"SearchAction","target":{"@type":"EntryPoint","urlTemplate":"https:\/\/thomasvino.ch\/?s={search_term_string}"},"query-input":"required name=search_term_string"}],"inLanguage":"fr-FR"}]}},"jetpack_sharing_enabled":true,"jetpack_shortlink":"https:\/\/wp.me\/a3m4tZ-3WL","jetpack_likes_enabled":false,"description":{"rendered":"<p class=\"attachment\"><a href='https:\/\/i0.wp.com\/thomasvino.ch\/wp-content\/uploads\/2018\/06\/CaveDeLaCote_Enseigne.jpg?ssl=1'><img width=\"225\" height=\"300\" src=\"https:\/\/i0.wp.com\/thomasvino.ch\/wp-content\/uploads\/2018\/06\/CaveDeLaCote_Enseigne.jpg?fit=225%2C300&amp;ssl=1\" class=\"attachment-medium size-medium\" alt=\"\" loading=\"lazy\" srcset=\"https:\/\/i0.wp.com\/thomasvino.ch\/wp-content\/uploads\/2018\/06\/CaveDeLaCote_Enseigne.jpg?w=3024&amp;ssl=1 3024w, https:\/\/i0.wp.com\/thomasvino.ch\/wp-content\/uploads\/2018\/06\/CaveDeLaCote_Enseigne.jpg?resize=225%2C300&amp;ssl=1 225w, https:\/\/i0.wp.com\/thomasvino.ch\/wp-content\/uploads\/2018\/06\/CaveDeLaCote_Enseigne.jpg?resize=768%2C1024&amp;ssl=1 768w, https:\/\/i0.wp.com\/thomasvino.ch\/wp-content\/uploads\/2018\/06\/CaveDeLaCote_Enseigne.jpg?w=2000&amp;ssl=1 2000w\" sizes=\"(max-width: 225px) 100vw, 225px\" data-attachment-id=\"15175\" data-permalink=\"https:\/\/thomasvino.ch\/?attachment_id=15175\" data-orig-file=\"https:\/\/i0.wp.com\/thomasvino.ch\/wp-content\/uploads\/2018\/06\/CaveDeLaCote_Enseigne.jpg?fit=3024%2C4032&amp;ssl=1\" data-orig-size=\"3024,4032\" data-comments-opened=\"0\" data-image-meta=\"{&quot;aperture&quot;:&quot;2.2&quot;,&quot;credit&quot;:&quot;&quot;,&quot;camera&quot;:&quot;iPhone 6s&quot;,&quot;caption&quot;:&quot;&quot;,&quot;created_timestamp&quot;:&quot;1529065491&quot;,&quot;copyright&quot;:&quot;&quot;,&quot;focal_length&quot;:&quot;4.15&quot;,&quot;iso&quot;:&quot;25&quot;,&quot;shutter_speed&quot;:&quot;0.00042900042900043&quot;,&quot;title&quot;:&quot;&quot;,&quot;orientation&quot;:&quot;1&quot;}\" data-image-title=\"CaveDeLaCote_Enseigne\" data-image-description=\"\" data-image-caption=\"&lt;p&gt;De g. \u00e0 dr., le directeur Julien Hoefliger, le pr\u00e9sident Pierre Duruz et l&amp;rsquo;\u0153nologue Rodrigo Banto.&lt;\/p&gt;\n\" data-medium-file=\"https:\/\/i0.wp.com\/thomasvino.ch\/wp-content\/uploads\/2018\/06\/CaveDeLaCote_Enseigne.jpg?fit=225%2C300&amp;ssl=1\" data-large-file=\"https:\/\/i0.wp.com\/thomasvino.ch\/wp-content\/uploads\/2018\/06\/CaveDeLaCote_Enseigne.jpg?fit=768%2C1024&amp;ssl=1\" \/><\/a><\/p>\n"},"caption":{"rendered":"<p>De g. \u00e0 dr., le directeur Julien Hoefliger, le pr\u00e9sident Pierre Duruz et l&rsquo;\u0153nologue Rodrigo Banto.<\/p>\n"},"alt_text":"","media_type":"image","mime_type":"image\/jpeg","media_details":{"width":3024,"height":4032,"file":"2018\/06\/CaveDeLaCote_Enseigne.jpg","sizes":{"thumbnail":{"file":"CaveDeLaCote_Enseigne-150x150.jpg","width":150,"height":150,"mime_type":"image\/jpeg","source_url":"https:\/\/i0.wp.com\/thomasvino.ch\/wp-content\/uploads\/2018\/06\/CaveDeLaCote_Enseigne.jpg?resize=150%2C150&ssl=1"},"medium":{"file":"CaveDeLaCote_Enseigne-225x300.jpg","width":225,"height":300,"mime_type":"image\/jpeg","source_url":"https:\/\/i0.wp.com\/thomasvino.ch\/wp-content\/uploads\/2018\/06\/CaveDeLaCote_Enseigne.jpg?fit=225%2C300&ssl=1"},"medium_large":{"file":"CaveDeLaCote_Enseigne-768x1024.jpg","width":768,"height":1024,"mime_type":"image\/jpeg","source_url":"https:\/\/i0.wp.com\/thomasvino.ch\/wp-content\/uploads\/2018\/06\/CaveDeLaCote_Enseigne.jpg?fit=768%2C1024&ssl=1"},"large":{"file":"CaveDeLaCote_Enseigne-768x1024.jpg","width":768,"height":1024,"mime_type":"image\/jpeg","source_url":"https:\/\/i0.wp.com\/thomasvino.ch\/wp-content\/uploads\/2018\/06\/CaveDeLaCote_Enseigne.jpg?fit=768%2C1024&ssl=1"},"et-blog-thumb":{"file":"CaveDeLaCote_Enseigne-630x210.jpg","width":630,"height":210,"mime_type":"image\/jpeg","source_url":"https:\/\/i0.wp.com\/thomasvino.ch\/wp-content\/uploads\/2018\/06\/CaveDeLaCote_Enseigne.jpg?resize=630%2C210&ssl=1"},"et-featured-thumb":{"file":"CaveDeLaCote_Enseigne-960x360.jpg","width":960,"height":360,"mime_type":"image\/jpeg","source_url":"https:\/\/i0.wp.com\/thomasvino.ch\/wp-content\/uploads\/2018\/06\/CaveDeLaCote_Enseigne.jpg?resize=960%2C360&ssl=1"},"et-widget-fromblog-thumb":{"file":"CaveDeLaCote_Enseigne-37x37.jpg","width":37,"height":37,"mime_type":"image\/jpeg","source_url":"https:\/\/i0.wp.com\/thomasvino.ch\/wp-content\/uploads\/2018\/06\/CaveDeLaCote_Enseigne.jpg?resize=37%2C37&ssl=1"},"et-video-slider-thumb":{"file":"CaveDeLaCote_Enseigne-136x77.jpg","width":136,"height":77,"mime_type":"image\/jpeg","source_url":"https:\/\/i0.wp.com\/thomasvino.ch\/wp-content\/uploads\/2018\/06\/CaveDeLaCote_Enseigne.jpg?resize=136%2C77&ssl=1"},"et-home-image-thumb":{"file":"CaveDeLaCote_Enseigne-128x128.jpg","width":128,"height":128,"mime_type":"image\/jpeg","source_url":"https:\/\/i0.wp.com\/thomasvino.ch\/wp-content\/uploads\/2018\/06\/CaveDeLaCote_Enseigne.jpg?resize=128%2C128&ssl=1"},"et-blog-page-thumb":{"file":"CaveDeLaCote_Enseigne-184x184.jpg","width":184,"height":184,"mime_type":"image\/jpeg","source_url":"https:\/\/i0.wp.com\/thomasvino.ch\/wp-content\/uploads\/2018\/06\/CaveDeLaCote_Enseigne.jpg?resize=184%2C184&ssl=1"},"et-gallery-page-thumb":{"file":"CaveDeLaCote_Enseigne-207x136.jpg","width":207,"height":136,"mime_type":"image\/jpeg","source_url":"https:\/\/i0.wp.com\/thomasvino.ch\/wp-content\/uploads\/2018\/06\/CaveDeLaCote_Enseigne.jpg?resize=207%2C136&ssl=1"},"et-portfolio-medium-page-thumb":{"file":"CaveDeLaCote_Enseigne-260x170.jpg","width":260,"height":170,"mime_type":"image\/jpeg","source_url":"https:\/\/i0.wp.com\/thomasvino.ch\/wp-content\/uploads\/2018\/06\/CaveDeLaCote_Enseigne.jpg?resize=260%2C170&ssl=1"},"et-portfolio-medium-portrait-page-thumb":{"file":"CaveDeLaCote_Enseigne-260x315.jpg","width":260,"height":315,"mime_type":"image\/jpeg","source_url":"https:\/\/i0.wp.com\/thomasvino.ch\/wp-content\/uploads\/2018\/06\/CaveDeLaCote_Enseigne.jpg?resize=260%2C315&ssl=1"},"et-portfolio-small-page-thumb":{"file":"CaveDeLaCote_Enseigne-140x94.jpg","width":140,"height":94,"mime_type":"image\/jpeg","source_url":"https:\/\/i0.wp.com\/thomasvino.ch\/wp-content\/uploads\/2018\/06\/CaveDeLaCote_Enseigne.jpg?resize=140%2C94&ssl=1"},"et-portfolio-small-portrait-page-thumb":{"file":"CaveDeLaCote_Enseigne-140x170.jpg","width":140,"height":170,"mime_type":"image\/jpeg","source_url":"https:\/\/i0.wp.com\/thomasvino.ch\/wp-content\/uploads\/2018\/06\/CaveDeLaCote_Enseigne.jpg?resize=140%2C170&ssl=1"},"et-portfolio-large-page-thumb":{"file":"CaveDeLaCote_Enseigne-430x283.jpg","width":430,"height":283,"mime_type":"image\/jpeg","source_url":"https:\/\/i0.wp.com\/thomasvino.ch\/wp-content\/uploads\/2018\/06\/CaveDeLaCote_Enseigne.jpg?resize=430%2C283&ssl=1"},"et-portfolio-large-portrait-page-thumb":{"file":"CaveDeLaCote_Enseigne-430x860.jpg","width":430,"height":860,"mime_type":"image\/jpeg","source_url":"https:\/\/i0.wp.com\/thomasvino.ch\/wp-content\/uploads\/2018\/06\/CaveDeLaCote_Enseigne.jpg?resize=430%2C860&ssl=1"},"full":{"file":"CaveDeLaCote_Enseigne.jpg?fit=3024%2C4032&ssl=1","width":3024,"height":4032,"mime_type":"image\/jpeg","source_url":"https:\/\/i0.wp.com\/thomasvino.ch\/wp-content\/uploads\/2018\/06\/CaveDeLaCote_Enseigne.jpg?fit=3024%2C4032&ssl=1"}},"image_meta":{"aperture":"2.2","credit":"","camera":"iPhone 6s","caption":"","created_timestamp":"1529065491","copyright":"","focal_length":"4.15","iso":"25","shutter_speed":"0.00042900042900043","title":"","orientation":"1","keywords":[]}},"post":15173,"source_url":"https:\/\/thomasvino.ch\/wp-content\/uploads\/2018\/06\/CaveDeLaCote_Enseigne.jpg","_links":{"self":[{"href":"https:\/\/thomasvino.ch\/index.php?rest_route=\/wp\/v2\/media\/15175"}],"collection":[{"href":"https:\/\/thomasvino.ch\/index.php?rest_route=\/wp\/v2\/media"}],"about":[{"href":"https:\/\/thomasvino.ch\/index.php?rest_route=\/wp\/v2\/types\/attachment"}],"author":[{"embeddable":true,"href":"https:\/\/thomasvino.ch\/index.php?rest_route=\/wp\/v2\/users\/3"}],"replies":[{"embeddable":true,"href":"https:\/\/thomasvino.ch\/index.php?rest_route=%2Fwp%2Fv2%2Fcomments&post=15175"}]}}